{"id":618,"date":"2025-01-30T07:29:33","date_gmt":"2025-01-30T07:29:33","guid":{"rendered":"https:\/\/bernardusvija.bernardusscholen.be\/?page_id=618"},"modified":"2025-11-05T16:07:41","modified_gmt":"2025-11-05T16:07:41","slug":"ons-team","status":"publish","type":"page","link":"https:\/\/bernardusvija.bernardusscholen.be\/index.php\/ons-team\/","title":{"rendered":"Ons team"},"content":{"rendered":"\n<div class=\"wp-block-cover alignfull is-light\" style=\"min-height:300px;aspect-ratio:unset;\"><span aria-hidden=\"true\" class=\"wp-block-cover__background has-background-dim-0 has-background-dim\"><\/span><img loading=\"lazy\" decoding=\"async\" width=\"2048\" height=\"952\" class=\"wp-block-cover__image-background wp-image-2639\" alt=\"\" src=\"https:\/\/bernardusvija.bernardusscholen.be\/wp-content\/uploads\/2025\/11\/FO-1.png\" data-object-fit=\"cover\" srcset=\"https:\/\/bernardusvija.bernardusscholen.be\/wp-content\/uploads\/2025\/11\/FO-1.png 2048w, https:\/\/bernardusvija.bernardusscholen.be\/wp-content\/uploads\/2025\/11\/FO-1-300x139.png 300w, https:\/\/bernardusvija.bernardusscholen.be\/wp-content\/uploads\/2025\/11\/FO-1-1024x476.png 1024w, https:\/\/bernardusvija.bernardusscholen.be\/wp-content\/uploads\/2025\/11\/FO-1-768x357.png 768w, https:\/\/bernardusvija.bernardusscholen.be\/wp-content\/uploads\/2025\/11\/FO-1-1536x714.png 1536w\" sizes=\"auto, (max-width: 2048px) 100vw, 2048px\" \/><div class=\"wp-block-cover__inner-container has-global-padding is-layout-constrained wp-block-cover-is-layout-constrained\">\n<p class=\"has-text-align-center has-background-color has-text-color has-link-color has-x-large-font-size wp-elements-738de2c073571a6a957dad07acbd7989\"><\/p>\n<\/div><\/div>\n\n\n\n<div class=\"wp-block-group has-global-padding is-layout-constrained wp-block-group-is-layout-constrained\">\n<div class=\"wp-block-group is-layout-flow wp-block-group-is-layout-flow\">\n<div style=\"height:39px\" aria-hidden=\"true\" class=\"wp-block-spacer\"><\/div>\n\n\n\n<h2 class=\"wp-block-heading has-max-48-font-size\">Directie<\/h2>\n\n\n\n<p>Toon Vroman is de co\u00f6rdinator van het centrum,&nbsp;Lies Schiltz is co-co\u00f6rdinator. Zij nemen de dagelijkse leiding van het centrum.<\/p>\n\n\n\n<div style=\"height:30px\" aria-hidden=\"true\" class=\"wp-block-spacer\"><\/div>\n\n\n\n<div style=\"height:0px\" aria-hidden=\"true\" class=\"wp-block-spacer\"><\/div>\n\n\n\n<div class=\"wp-block-columns is-layout-flex wp-container-core-columns-is-layout-28f84493 wp-block-columns-is-layout-flex\">\n<div class=\"wp-block-column is-style-default is-layout-flow wp-block-column-is-layout-flow\" style=\"border-style:none;border-width:0px;padding-top:0;padding-right:0;padding-bottom:0;padding-left:0\">\n<figure class=\"wp-block-image size-full is-resized\"><img loading=\"lazy\" decoding=\"async\" width=\"563\" height=\"677\" src=\"https:\/\/bernardusvija.bernardusscholen.be\/wp-content\/uploads\/2025\/09\/Toon.jpg\" alt=\"\" class=\"wp-image-2569\" style=\"aspect-ratio:3\/4;object-fit:cover;width:321px\" srcset=\"https:\/\/bernardusvija.bernardusscholen.be\/wp-content\/uploads\/2025\/09\/Toon.jpg 563w, https:\/\/bernardusvija.bernardusscholen.be\/wp-content\/uploads\/2025\/09\/Toon-249x300.jpg 249w\" sizes=\"auto, (max-width: 563px) 100vw, 563px\" \/><\/figure>\n\n\n\n<h2 class=\"wp-block-heading\">Toon Vroman<\/h2>\n\n\n\n<p>Co\u00f6rdinator<\/p>\n<\/div>\n\n\n\n<div class=\"wp-block-column is-style-default is-layout-flow wp-block-column-is-layout-flow\" style=\"border-style:none;border-width:0px;padding-top:0;padding-right:0;padding-bottom:0;padding-left:0\">\n<figure class=\"wp-block-image size-full is-resized\"><img decoding=\"async\" src=\"https:\/\/bernardusvija.bernardusscholen.be\/wp-content\/uploads\/2025\/02\/Lies-Schiltz-2-scaled-1.jpg\" alt=\"\" class=\"wp-image-1040\" style=\"aspect-ratio:3\/4;object-fit:cover;width:321px\"\/><\/figure>\n\n\n\n<h2 class=\"wp-block-heading\">Lies Schiltz<\/h2>\n\n\n\n<p>Co-co\u00f6rdinator<\/p>\n<\/div>\n<\/div>\n\n\n\n<div style=\"height:37px\" aria-hidden=\"true\" class=\"wp-block-spacer\"><\/div>\n<\/div>\n\n\n\n<div class=\"wp-block-group is-layout-flow wp-block-group-is-layout-flow\">\n<h2 class=\"wp-block-heading has-max-48-font-size\">Algemene vorming 2de graad<\/h2>\n\n\n\n<div style=\"height:30px\" aria-hidden=\"true\" class=\"wp-block-spacer\"><\/div>\n\n\n\n<div style=\"height:0px\" aria-hidden=\"true\" class=\"wp-block-spacer\"><\/div>\n\n\n\n<div class=\"wp-block-columns is-layout-flex wp-container-core-columns-is-layout-28f84493 wp-block-columns-is-layout-flex\">\n<div class=\"wp-block-column is-style-default is-layout-flow wp-block-column-is-layout-flow\" style=\"border-style:none;border-width:0px;padding-top:0;padding-right:0;padding-bottom:0;padding-left:0\">\n<figure class=\"wp-block-image size-full is-resized\"><img loading=\"lazy\" decoding=\"async\" width=\"1303\" height=\"1479\" src=\"https:\/\/bernardusvija.bernardusscholen.be\/wp-content\/uploads\/2025\/08\/charlotte-1.jpg\" alt=\"\" class=\"wp-image-2555\" style=\"aspect-ratio:3\/4;object-fit:cover;width:321px\" srcset=\"https:\/\/bernardusvija.bernardusscholen.be\/wp-content\/uploads\/2025\/08\/charlotte-1.jpg 1303w, https:\/\/bernardusvija.bernardusscholen.be\/wp-content\/uploads\/2025\/08\/charlotte-1-264x300.jpg 264w, https:\/\/bernardusvija.bernardusscholen.be\/wp-content\/uploads\/2025\/08\/charlotte-1-902x1024.jpg 902w, https:\/\/bernardusvija.bernardusscholen.be\/wp-content\/uploads\/2025\/08\/charlotte-1-768x872.jpg 768w\" sizes=\"auto, (max-width: 1303px) 100vw, 1303px\" \/><\/figure>\n\n\n\n<h2 class=\"wp-block-heading\">Charlotte<\/h2>\n<\/div>\n\n\n\n<div class=\"wp-block-column is-style-default is-layout-flow wp-block-column-is-layout-flow\" style=\"border-style:none;border-width:0px;padding-top:0;padding-right:0;padding-bottom:0;padding-left:0\">\n<figure class=\"wp-block-image size-full is-resized\"><img decoding=\"async\" src=\"https:\/\/bernardusvija.bernardusscholen.be\/wp-content\/uploads\/2025\/02\/Jana-Merchiers-1.jpg\" alt=\"\" class=\"wp-image-1035\" style=\"aspect-ratio:3\/4;object-fit:cover;width:321px\"\/><\/figure>\n\n\n\n<h2 class=\"wp-block-heading\">Jana<\/h2>\n<\/div>\n\n\n\n<div class=\"wp-block-column is-style-default is-layout-flow wp-block-column-is-layout-flow\" style=\"border-style:none;border-width:0px;padding-top:0;padding-right:0;padding-bottom:0;padding-left:0\">\n<figure class=\"wp-block-image size-full is-resized\"><img loading=\"lazy\" decoding=\"async\" width=\"541\" height=\"686\" src=\"https:\/\/bernardusvija.bernardusscholen.be\/wp-content\/uploads\/2025\/08\/niel.jpg\" alt=\"\" class=\"wp-image-2556\" style=\"aspect-ratio:3\/4;object-fit:cover;width:321px\" srcset=\"https:\/\/bernardusvija.bernardusscholen.be\/wp-content\/uploads\/2025\/08\/niel.jpg 541w, https:\/\/bernardusvija.bernardusscholen.be\/wp-content\/uploads\/2025\/08\/niel-237x300.jpg 237w\" sizes=\"auto, (max-width: 541px) 100vw, 541px\" \/><\/figure>\n\n\n\n<h2 class=\"wp-block-heading\">Niel<\/h2>\n<\/div>\n<\/div>\n\n\n\n<div style=\"height:37px\" aria-hidden=\"true\" class=\"wp-block-spacer\"><\/div>\n<\/div>\n\n\n\n<div class=\"wp-block-group is-layout-flow wp-block-group-is-layout-flow\">\n<h2 class=\"wp-block-heading has-max-48-font-size\">Algemene vorming 3de graad<\/h2>\n\n\n\n<div style=\"height:30px\" aria-hidden=\"true\" class=\"wp-block-spacer\"><\/div>\n\n\n\n<div style=\"height:0px\" aria-hidden=\"true\" class=\"wp-block-spacer\"><\/div>\n\n\n\n<div class=\"wp-block-columns is-layout-flex wp-container-core-columns-is-layout-28f84493 wp-block-columns-is-layout-flex\">\n<div class=\"wp-block-column is-style-default is-layout-flow wp-block-column-is-layout-flow\" style=\"border-style:none;border-width:0px;padding-top:0;padding-right:0;padding-bottom:0;padding-left:0\">\n<figure class=\"wp-block-image size-full is-resized\"><img decoding=\"async\" src=\"https:\/\/bernardusvija.bernardusscholen.be\/wp-content\/uploads\/2025\/02\/Annemie-Michiels-scaled-1.jpg\" alt=\"\" class=\"wp-image-1019\" style=\"object-fit:cover;width:321px;height:400px\"\/><\/figure>\n\n\n\n<h2 class=\"wp-block-heading\">Annemie<\/h2>\n<\/div>\n\n\n\n<div class=\"wp-block-column is-style-default is-layout-flow wp-block-column-is-layout-flow\" style=\"border-style:none;border-width:0px;padding-top:0;padding-right:0;padding-bottom:0;padding-left:0\">\n<figure class=\"wp-block-image size-full is-resized\"><img loading=\"lazy\" decoding=\"async\" width=\"1064\" height=\"1306\" src=\"https:\/\/bernardusvija.bernardusscholen.be\/wp-content\/uploads\/2025\/08\/elien.jpg\" alt=\"\" class=\"wp-image-2557\" style=\"object-fit:cover;width:321px;height:400px\" srcset=\"https:\/\/bernardusvija.bernardusscholen.be\/wp-content\/uploads\/2025\/08\/elien.jpg 1064w, https:\/\/bernardusvija.bernardusscholen.be\/wp-content\/uploads\/2025\/08\/elien-244x300.jpg 244w, https:\/\/bernardusvija.bernardusscholen.be\/wp-content\/uploads\/2025\/08\/elien-834x1024.jpg 834w, https:\/\/bernardusvija.bernardusscholen.be\/wp-content\/uploads\/2025\/08\/elien-768x943.jpg 768w\" sizes=\"auto, (max-width: 1064px) 100vw, 1064px\" \/><\/figure>\n\n\n\n<h2 class=\"wp-block-heading\">Elien<\/h2>\n<\/div>\n\n\n\n<div class=\"wp-block-column is-style-default is-layout-flow wp-block-column-is-layout-flow\" style=\"border-style:none;border-width:0px;padding-top:0;padding-right:0;padding-bottom:0;padding-left:0\">\n<figure class=\"wp-block-image size-full is-resized\"><img loading=\"lazy\" decoding=\"async\" width=\"1798\" height=\"2048\" src=\"https:\/\/bernardusvija.bernardusscholen.be\/wp-content\/uploads\/2025\/02\/stefanie-1.jpg\" alt=\"\" class=\"wp-image-2344\" style=\"object-fit:cover;width:321px;height:400px\" srcset=\"https:\/\/bernardusvija.bernardusscholen.be\/wp-content\/uploads\/2025\/02\/stefanie-1.jpg 1798w, https:\/\/bernardusvija.bernardusscholen.be\/wp-content\/uploads\/2025\/02\/stefanie-1-263x300.jpg 263w, https:\/\/bernardusvija.bernardusscholen.be\/wp-content\/uploads\/2025\/02\/stefanie-1-899x1024.jpg 899w, https:\/\/bernardusvija.bernardusscholen.be\/wp-content\/uploads\/2025\/02\/stefanie-1-768x875.jpg 768w, https:\/\/bernardusvija.bernardusscholen.be\/wp-content\/uploads\/2025\/02\/stefanie-1-1349x1536.jpg 1349w\" sizes=\"auto, (max-width: 1798px) 100vw, 1798px\" \/><\/figure>\n\n\n\n<h2 class=\"wp-block-heading\">Stefanie<\/h2>\n\n\n\n<p>AV Co\u00f6rdinator<\/p>\n<\/div>\n<\/div>\n\n\n\n<div style=\"height:37px\" aria-hidden=\"true\" class=\"wp-block-spacer\"><\/div>\n<\/div>\n<\/div>\n\n\n\n<div class=\"wp-block-group has-global-padding is-layout-constrained wp-block-group-is-layout-constrained\">\n<div class=\"wp-block-group is-layout-flow wp-block-group-is-layout-flow\">\n<h2 class=\"wp-block-heading has-max-48-font-size\">Specifieke Vorming<\/h2>\n\n\n\n<div style=\"height:30px\" aria-hidden=\"true\" class=\"wp-block-spacer\"><\/div>\n\n\n\n<div style=\"height:0px\" aria-hidden=\"true\" class=\"wp-block-spacer\"><\/div>\n\n\n\n<div class=\"wp-block-columns is-layout-flex wp-container-core-columns-is-layout-28f84493 wp-block-columns-is-layout-flex\">\n<div class=\"wp-block-column is-style-default is-layout-flow wp-block-column-is-layout-flow\" style=\"border-style:none;border-width:0px;padding-top:0;padding-right:0;padding-bottom:0;padding-left:0\">\n<figure class=\"wp-block-image size-full is-resized\"><img loading=\"lazy\" decoding=\"async\" width=\"2122\" height=\"2560\" src=\"https:\/\/bernardusvija.bernardusscholen.be\/wp-content\/uploads\/2025\/02\/Gwendoline-Vanden-Meerschaut-scaled-1.jpg\" alt=\"\" class=\"wp-image-2099\" style=\"aspect-ratio:3\/4;object-fit:cover;width:321px\" srcset=\"https:\/\/bernardusvija.bernardusscholen.be\/wp-content\/uploads\/2025\/02\/Gwendoline-Vanden-Meerschaut-scaled-1.jpg 2122w, https:\/\/bernardusvija.bernardusscholen.be\/wp-content\/uploads\/2025\/02\/Gwendoline-Vanden-Meerschaut-scaled-1-249x300.jpg 249w, https:\/\/bernardusvija.bernardusscholen.be\/wp-content\/uploads\/2025\/02\/Gwendoline-Vanden-Meerschaut-scaled-1-849x1024.jpg 849w, https:\/\/bernardusvija.bernardusscholen.be\/wp-content\/uploads\/2025\/02\/Gwendoline-Vanden-Meerschaut-scaled-1-768x927.jpg 768w, https:\/\/bernardusvija.bernardusscholen.be\/wp-content\/uploads\/2025\/02\/Gwendoline-Vanden-Meerschaut-scaled-1-1273x1536.jpg 1273w, https:\/\/bernardusvija.bernardusscholen.be\/wp-content\/uploads\/2025\/02\/Gwendoline-Vanden-Meerschaut-scaled-1-1698x2048.jpg 1698w\" sizes=\"auto, (max-width: 2122px) 100vw, 2122px\" \/><\/figure>\n\n\n\n<h2 class=\"wp-block-heading\">Gwendoline<\/h2>\n\n\n\n<p>SV Zorg<\/p>\n<\/div>\n\n\n\n<div class=\"wp-block-column is-style-default is-layout-flow wp-block-column-is-layout-flow\" style=\"border-style:none;border-width:0px;padding-top:0;padding-right:0;padding-bottom:0;padding-left:0\">\n<figure class=\"wp-block-image size-full is-resized\"><img loading=\"lazy\" decoding=\"async\" width=\"1879\" height=\"2560\" src=\"https:\/\/bernardusvija.bernardusscholen.be\/wp-content\/uploads\/2025\/02\/Leen-Van-Glabeke-scaled-1.jpg\" alt=\"\" class=\"wp-image-2105\" style=\"aspect-ratio:3\/4;object-fit:cover;width:321px;height:auto\" srcset=\"https:\/\/bernardusvija.bernardusscholen.be\/wp-content\/uploads\/2025\/02\/Leen-Van-Glabeke-scaled-1.jpg 1879w, https:\/\/bernardusvija.bernardusscholen.be\/wp-content\/uploads\/2025\/02\/Leen-Van-Glabeke-scaled-1-220x300.jpg 220w, https:\/\/bernardusvija.bernardusscholen.be\/wp-content\/uploads\/2025\/02\/Leen-Van-Glabeke-scaled-1-752x1024.jpg 752w, https:\/\/bernardusvija.bernardusscholen.be\/wp-content\/uploads\/2025\/02\/Leen-Van-Glabeke-scaled-1-768x1046.jpg 768w, https:\/\/bernardusvija.bernardusscholen.be\/wp-content\/uploads\/2025\/02\/Leen-Van-Glabeke-scaled-1-1127x1536.jpg 1127w, https:\/\/bernardusvija.bernardusscholen.be\/wp-content\/uploads\/2025\/02\/Leen-Van-Glabeke-scaled-1-1503x2048.jpg 1503w\" sizes=\"auto, (max-width: 1879px) 100vw, 1879px\" \/><\/figure>\n\n\n\n<h2 class=\"wp-block-heading\">Leen<\/h2>\n\n\n\n<p>SV Horeca<\/p>\n<\/div>\n\n\n\n<div class=\"wp-block-column is-style-default is-layout-flow wp-block-column-is-layout-flow\" style=\"border-style:none;border-width:0px;padding-top:0;padding-right:0;padding-bottom:0;padding-left:0\">\n<figure class=\"wp-block-image size-full is-resized\"><img loading=\"lazy\" decoding=\"async\" width=\"781\" height=\"946\" src=\"https:\/\/bernardusvija.bernardusscholen.be\/wp-content\/uploads\/2025\/08\/GRIET.jpg\" alt=\"\" class=\"wp-image-2558\" style=\"aspect-ratio:3\/4;object-fit:cover;width:321px\" srcset=\"https:\/\/bernardusvija.bernardusscholen.be\/wp-content\/uploads\/2025\/08\/GRIET.jpg 781w, https:\/\/bernardusvija.bernardusscholen.be\/wp-content\/uploads\/2025\/08\/GRIET-248x300.jpg 248w, https:\/\/bernardusvija.bernardusscholen.be\/wp-content\/uploads\/2025\/08\/GRIET-768x930.jpg 768w\" sizes=\"auto, (max-width: 781px) 100vw, 781px\" \/><\/figure>\n\n\n\n<h2 class=\"wp-block-heading\">Griet<\/h2>\n\n\n\n<p>SV Winkelmedewerker en OOS<\/p>\n<\/div>\n<\/div>\n\n\n\n<div style=\"height:37px\" aria-hidden=\"true\" class=\"wp-block-spacer\"><\/div>\n\n\n\n<div class=\"wp-block-columns is-layout-flex wp-container-core-columns-is-layout-28f84493 wp-block-columns-is-layout-flex\">\n<div class=\"wp-block-column is-style-default is-layout-flow wp-block-column-is-layout-flow\" style=\"border-style:none;border-width:0px;padding-top:0;padding-right:0;padding-bottom:0;padding-left:0\">\n<figure class=\"wp-block-image size-full is-resized\"><img loading=\"lazy\" decoding=\"async\" width=\"2015\" height=\"2560\" src=\"https:\/\/bernardusvija.bernardusscholen.be\/wp-content\/uploads\/2025\/02\/Hans-Herman-scaled-1.jpg\" alt=\"\" class=\"wp-image-2101\" style=\"aspect-ratio:3\/4;object-fit:cover;width:321px\" srcset=\"https:\/\/bernardusvija.bernardusscholen.be\/wp-content\/uploads\/2025\/02\/Hans-Herman-scaled-1.jpg 2015w, https:\/\/bernardusvija.bernardusscholen.be\/wp-content\/uploads\/2025\/02\/Hans-Herman-scaled-1-236x300.jpg 236w, https:\/\/bernardusvija.bernardusscholen.be\/wp-content\/uploads\/2025\/02\/Hans-Herman-scaled-1-806x1024.jpg 806w, https:\/\/bernardusvija.bernardusscholen.be\/wp-content\/uploads\/2025\/02\/Hans-Herman-scaled-1-768x976.jpg 768w, https:\/\/bernardusvija.bernardusscholen.be\/wp-content\/uploads\/2025\/02\/Hans-Herman-scaled-1-1209x1536.jpg 1209w, https:\/\/bernardusvija.bernardusscholen.be\/wp-content\/uploads\/2025\/02\/Hans-Herman-scaled-1-1612x2048.jpg 1612w\" sizes=\"auto, (max-width: 2015px) 100vw, 2015px\" \/><\/figure>\n\n\n\n<h2 class=\"wp-block-heading\">Hans<\/h2>\n\n\n\n<p>SV Bouw<\/p>\n<\/div>\n\n\n\n<div class=\"wp-block-column is-style-default is-layout-flow wp-block-column-is-layout-flow\" style=\"border-style:none;border-width:0px;padding-top:0;padding-right:0;padding-bottom:0;padding-left:0\">\n<figure class=\"wp-block-image size-full is-resized\"><img loading=\"lazy\" decoding=\"async\" width=\"800\" height=\"1067\" src=\"https:\/\/bernardusvija.bernardusscholen.be\/wp-content\/uploads\/2025\/07\/chris-edited.jpg\" alt=\"\" class=\"wp-image-2539\" style=\"aspect-ratio:3\/4;object-fit:cover;width:321px\" srcset=\"https:\/\/bernardusvija.bernardusscholen.be\/wp-content\/uploads\/2025\/07\/chris-edited.jpg 800w, https:\/\/bernardusvija.bernardusscholen.be\/wp-content\/uploads\/2025\/07\/chris-edited-225x300.jpg 225w, https:\/\/bernardusvija.bernardusscholen.be\/wp-content\/uploads\/2025\/07\/chris-edited-768x1024.jpg 768w\" sizes=\"auto, (max-width: 800px) 100vw, 800px\" \/><\/figure>\n\n\n\n<h2 class=\"wp-block-heading\">Chris<\/h2>\n\n\n\n<p>SV Horeca en SV co\u00f6rdinator<\/p>\n<\/div>\n\n\n\n<div class=\"wp-block-column is-style-default is-layout-flow wp-block-column-is-layout-flow\" style=\"border-style:none;border-width:0px;padding-top:0;padding-right:0;padding-bottom:0;padding-left:0\">\n<figure class=\"wp-block-image size-full is-resized\"><img loading=\"lazy\" decoding=\"async\" width=\"1226\" height=\"1516\" src=\"https:\/\/bernardusvija.bernardusscholen.be\/wp-content\/uploads\/2025\/08\/nico.jpg\" alt=\"\" class=\"wp-image-2559\" style=\"aspect-ratio:3\/4;object-fit:cover;width:321px\" srcset=\"https:\/\/bernardusvija.bernardusscholen.be\/wp-content\/uploads\/2025\/08\/nico.jpg 1226w, https:\/\/bernardusvija.bernardusscholen.be\/wp-content\/uploads\/2025\/08\/nico-243x300.jpg 243w, https:\/\/bernardusvija.bernardusscholen.be\/wp-content\/uploads\/2025\/08\/nico-828x1024.jpg 828w, https:\/\/bernardusvija.bernardusscholen.be\/wp-content\/uploads\/2025\/08\/nico-768x950.jpg 768w\" sizes=\"auto, (max-width: 1226px) 100vw, 1226px\" \/><\/figure>\n\n\n\n<h2 class=\"wp-block-heading\">Nico<\/h2>\n\n\n\n<p>SV Tuinbouw<\/p>\n<\/div>\n<\/div>\n<\/div>\n\n\n\n<div style=\"height:49px\" aria-hidden=\"true\" class=\"wp-block-spacer\"><\/div>\n<\/div>\n\n\n\n<div class=\"wp-block-group has-global-padding is-layout-constrained wp-block-group-is-layout-constrained\">\n<div class=\"wp-block-group is-layout-flow wp-block-group-is-layout-flow\">\n<div style=\"height:30px\" aria-hidden=\"true\" class=\"wp-block-spacer\"><\/div>\n\n\n\n<div style=\"height:0px\" aria-hidden=\"true\" class=\"wp-block-spacer\"><\/div>\n\n\n\n<div class=\"wp-block-columns is-layout-flex wp-container-core-columns-is-layout-28f84493 wp-block-columns-is-layout-flex\">\n<div class=\"wp-block-column is-style-default is-layout-flow wp-block-column-is-layout-flow\" style=\"border-style:none;border-width:0px;padding-top:0;padding-right:0;padding-bottom:0;padding-left:0\">\n<figure class=\"wp-block-image size-full is-resized\"><img loading=\"lazy\" decoding=\"async\" width=\"782\" height=\"918\" src=\"https:\/\/bernardusvija.bernardusscholen.be\/wp-content\/uploads\/2025\/08\/rino.jpg\" alt=\"\" class=\"wp-image-2560\" style=\"aspect-ratio:3\/4;object-fit:cover;width:321px\" srcset=\"https:\/\/bernardusvija.bernardusscholen.be\/wp-content\/uploads\/2025\/08\/rino.jpg 782w, https:\/\/bernardusvija.bernardusscholen.be\/wp-content\/uploads\/2025\/08\/rino-256x300.jpg 256w, https:\/\/bernardusvija.bernardusscholen.be\/wp-content\/uploads\/2025\/08\/rino-768x902.jpg 768w\" sizes=\"auto, (max-width: 782px) 100vw, 782px\" \/><\/figure>\n\n\n\n<h2 class=\"wp-block-heading\">Rino<\/h2>\n\n\n\n<p>SV Hout<\/p>\n<\/div>\n\n\n\n<div class=\"wp-block-column is-style-default is-layout-flow wp-block-column-is-layout-flow\" style=\"border-style:none;border-width:0px;padding-top:0;padding-right:0;padding-bottom:0;padding-left:0\">\n<figure class=\"wp-block-image size-full is-resized\"><img loading=\"lazy\" decoding=\"async\" width=\"2195\" height=\"2560\" src=\"https:\/\/bernardusvija.bernardusscholen.be\/wp-content\/uploads\/2025\/02\/Hans-Demeersseman-1-scaled-1.jpg\" alt=\"\" class=\"wp-image-2100\" style=\"aspect-ratio:3\/4;object-fit:cover;width:321px\" srcset=\"https:\/\/bernardusvija.bernardusscholen.be\/wp-content\/uploads\/2025\/02\/Hans-Demeersseman-1-scaled-1.jpg 2195w, https:\/\/bernardusvija.bernardusscholen.be\/wp-content\/uploads\/2025\/02\/Hans-Demeersseman-1-scaled-1-257x300.jpg 257w, https:\/\/bernardusvija.bernardusscholen.be\/wp-content\/uploads\/2025\/02\/Hans-Demeersseman-1-scaled-1-878x1024.jpg 878w, https:\/\/bernardusvija.bernardusscholen.be\/wp-content\/uploads\/2025\/02\/Hans-Demeersseman-1-scaled-1-768x896.jpg 768w, https:\/\/bernardusvija.bernardusscholen.be\/wp-content\/uploads\/2025\/02\/Hans-Demeersseman-1-scaled-1-1317x1536.jpg 1317w, https:\/\/bernardusvija.bernardusscholen.be\/wp-content\/uploads\/2025\/02\/Hans-Demeersseman-1-scaled-1-1756x2048.jpg 1756w\" sizes=\"auto, (max-width: 2195px) 100vw, 2195px\" \/><\/figure>\n\n\n\n<h2 class=\"wp-block-heading\">Hans<\/h2>\n\n\n\n<p>SV Lassen<\/p>\n<\/div>\n\n\n\n<div class=\"wp-block-column is-style-default is-layout-flow wp-block-column-is-layout-flow\" style=\"border-style:none;border-width:0px;padding-top:0;padding-right:0;padding-bottom:0;padding-left:0\">\n<p><\/p>\n<\/div>\n<\/div>\n<\/div>\n<\/div>\n\n\n\n<div class=\"wp-block-group has-global-padding is-layout-constrained wp-block-group-is-layout-constrained\">\n<div class=\"wp-block-group is-layout-flow wp-block-group-is-layout-flow\">\n<div style=\"height:30px\" aria-hidden=\"true\" class=\"wp-block-spacer\"><\/div>\n\n\n\n<div style=\"height:0px\" aria-hidden=\"true\" class=\"wp-block-spacer\"><\/div>\n\n\n\n<div class=\"wp-block-columns is-layout-flex wp-container-core-columns-is-layout-28f84493 wp-block-columns-is-layout-flex\">\n<div class=\"wp-block-column is-style-default is-layout-flow wp-block-column-is-layout-flow\" style=\"border-style:none;border-width:0px;padding-top:0;padding-right:0;padding-bottom:0;padding-left:0\">\n<figure class=\"wp-block-image size-full is-resized\"><img loading=\"lazy\" decoding=\"async\" width=\"671\" height=\"716\" src=\"https:\/\/bernardusvija.bernardusscholen.be\/wp-content\/uploads\/2025\/02\/Anouk_bewerkt.jpeg\" alt=\"\" class=\"wp-image-2347\" style=\"aspect-ratio:3\/4;object-fit:cover;width:321px\" srcset=\"https:\/\/bernardusvija.bernardusscholen.be\/wp-content\/uploads\/2025\/02\/Anouk_bewerkt.jpeg 671w, https:\/\/bernardusvija.bernardusscholen.be\/wp-content\/uploads\/2025\/02\/Anouk_bewerkt-281x300.jpeg 281w\" sizes=\"auto, (max-width: 671px) 100vw, 671px\" \/><\/figure>\n\n\n\n<h2 class=\"wp-block-heading\">Anouk<\/h2>\n\n\n\n<p>Interne aanloopfase<\/p>\n<\/div>\n\n\n\n<div class=\"wp-block-column is-style-default is-layout-flow wp-block-column-is-layout-flow\" style=\"border-style:none;border-width:0px;padding-top:0;padding-right:0;padding-bottom:0;padding-left:0\">\n<figure class=\"wp-block-image size-full is-resized\"><img loading=\"lazy\" decoding=\"async\" width=\"1166\" height=\"1457\" src=\"https:\/\/bernardusvija.bernardusscholen.be\/wp-content\/uploads\/2025\/08\/rahima.jpg\" alt=\"\" class=\"wp-image-2561\" style=\"aspect-ratio:3\/4;object-fit:cover;width:321px\" srcset=\"https:\/\/bernardusvija.bernardusscholen.be\/wp-content\/uploads\/2025\/08\/rahima.jpg 1166w, https:\/\/bernardusvija.bernardusscholen.be\/wp-content\/uploads\/2025\/08\/rahima-240x300.jpg 240w, https:\/\/bernardusvija.bernardusscholen.be\/wp-content\/uploads\/2025\/08\/rahima-819x1024.jpg 819w, https:\/\/bernardusvija.bernardusscholen.be\/wp-content\/uploads\/2025\/08\/rahima-768x960.jpg 768w\" sizes=\"auto, (max-width: 1166px) 100vw, 1166px\" \/><\/figure>\n\n\n\n<h2 class=\"wp-block-heading\">Rahima<\/h2>\n\n\n\n<p>Interne aanloopfase<\/p>\n<\/div>\n\n\n\n<div class=\"wp-block-column is-style-default is-layout-flow wp-block-column-is-layout-flow\" style=\"border-style:none;border-width:0px;padding-top:0;padding-right:0;padding-bottom:0;padding-left:0\">\n<ul class=\"wp-block-social-links has-icon-color is-style-logos-only is-layout-flex wp-block-social-links-is-layout-flex\"><li style=\"color:#6C6C77;\" class=\"wp-social-link wp-social-link-linkedin has-lightgrey-color wp-block-social-link\"><a href=\"#\" class=\"wp-block-social-link-anchor\"><svg width=\"24\" height=\"24\" viewBox=\"0 0 24 24\" version=\"1.1\" xmlns=\"http:\/\/www.w3.org\/2000\/svg\" aria-hidden=\"true\" focusable=\"false\"><path d=\"M19.7,3H4.3C3.582,3,3,3.582,3,4.3v15.4C3,20.418,3.582,21,4.3,21h15.4c0.718,0,1.3-0.582,1.3-1.3V4.3 C21,3.582,20.418,3,19.7,3z M8.339,18.338H5.667v-8.59h2.672V18.338z M7.004,8.574c-0.857,0-1.549-0.694-1.549-1.548 c0-0.855,0.691-1.548,1.549-1.548c0.854,0,1.547,0.694,1.547,1.548C8.551,7.881,7.858,8.574,7.004,8.574z M18.339,18.338h-2.669 v-4.177c0-0.996-0.017-2.278-1.387-2.278c-1.389,0-1.601,1.086-1.601,2.206v4.249h-2.667v-8.59h2.559v1.174h0.037 c0.356-0.675,1.227-1.387,2.526-1.387c2.703,0,3.203,1.779,3.203,4.092V18.338z\"><\/path><\/svg><span class=\"wp-block-social-link-label screen-reader-text\">LinkedIn<\/span><\/a><\/li><\/ul>\n<\/div>\n<\/div>\n\n\n\n<div style=\"height:37px\" aria-hidden=\"true\" class=\"wp-block-spacer\"><\/div>\n<\/div>\n<\/div>\n\n\n\n<div class=\"wp-block-group has-global-padding is-layout-constrained wp-block-group-is-layout-constrained\">\n<div class=\"wp-block-group is-layout-flow wp-block-group-is-layout-flow\">\n<h2 class=\"wp-block-heading has-max-48-font-size\">Ondersteuners<\/h2>\n\n\n\n<div style=\"height:30px\" aria-hidden=\"true\" class=\"wp-block-spacer\"><\/div>\n\n\n\n<div style=\"height:0px\" aria-hidden=\"true\" class=\"wp-block-spacer\"><\/div>\n\n\n\n<div class=\"wp-block-columns is-layout-flex wp-container-core-columns-is-layout-28f84493 wp-block-columns-is-layout-flex\">\n<div class=\"wp-block-column is-style-default is-layout-flow wp-block-column-is-layout-flow\" style=\"border-style:none;border-width:0px;padding-top:0;padding-right:0;padding-bottom:0;padding-left:0\">\n<figure class=\"wp-block-image size-full is-resized\"><img loading=\"lazy\" decoding=\"async\" width=\"1853\" height=\"2560\" src=\"https:\/\/bernardusvija.bernardusscholen.be\/wp-content\/uploads\/2025\/02\/Robin-Heestermans-scaled-1.jpg\" alt=\"\" class=\"wp-image-2111\" style=\"aspect-ratio:3\/4;object-fit:cover;width:321px\" srcset=\"https:\/\/bernardusvija.bernardusscholen.be\/wp-content\/uploads\/2025\/02\/Robin-Heestermans-scaled-1.jpg 1853w, https:\/\/bernardusvija.bernardusscholen.be\/wp-content\/uploads\/2025\/02\/Robin-Heestermans-scaled-1-217x300.jpg 217w, https:\/\/bernardusvija.bernardusscholen.be\/wp-content\/uploads\/2025\/02\/Robin-Heestermans-scaled-1-741x1024.jpg 741w, https:\/\/bernardusvija.bernardusscholen.be\/wp-content\/uploads\/2025\/02\/Robin-Heestermans-scaled-1-768x1061.jpg 768w, https:\/\/bernardusvija.bernardusscholen.be\/wp-content\/uploads\/2025\/02\/Robin-Heestermans-scaled-1-1112x1536.jpg 1112w, https:\/\/bernardusvija.bernardusscholen.be\/wp-content\/uploads\/2025\/02\/Robin-Heestermans-scaled-1-1482x2048.jpg 1482w\" sizes=\"auto, (max-width: 1853px) 100vw, 1853px\" \/><\/figure>\n\n\n\n<h2 class=\"wp-block-heading\">Robin<\/h2>\n\n\n\n<p>Leerlingbegeleider Kompas<\/p>\n<\/div>\n\n\n\n<div class=\"wp-block-column is-style-default is-layout-flow wp-block-column-is-layout-flow\" style=\"border-style:none;border-width:0px;padding-top:0;padding-right:0;padding-bottom:0;padding-left:0\">\n<figure class=\"wp-block-image size-full is-resized\"><img loading=\"lazy\" decoding=\"async\" width=\"2003\" height=\"2560\" src=\"https:\/\/bernardusvija.bernardusscholen.be\/wp-content\/uploads\/2025\/02\/Evelien-Van-Luchene-scaled-1.jpg\" alt=\"\" class=\"wp-image-2097\" style=\"aspect-ratio:3\/4;object-fit:cover;width:321px\" srcset=\"https:\/\/bernardusvija.bernardusscholen.be\/wp-content\/uploads\/2025\/02\/Evelien-Van-Luchene-scaled-1.jpg 2003w, https:\/\/bernardusvija.bernardusscholen.be\/wp-content\/uploads\/2025\/02\/Evelien-Van-Luchene-scaled-1-235x300.jpg 235w, https:\/\/bernardusvija.bernardusscholen.be\/wp-content\/uploads\/2025\/02\/Evelien-Van-Luchene-scaled-1-801x1024.jpg 801w, https:\/\/bernardusvija.bernardusscholen.be\/wp-content\/uploads\/2025\/02\/Evelien-Van-Luchene-scaled-1-768x982.jpg 768w, https:\/\/bernardusvija.bernardusscholen.be\/wp-content\/uploads\/2025\/02\/Evelien-Van-Luchene-scaled-1-1202x1536.jpg 1202w, https:\/\/bernardusvija.bernardusscholen.be\/wp-content\/uploads\/2025\/02\/Evelien-Van-Luchene-scaled-1-1602x2048.jpg 1602w\" sizes=\"auto, (max-width: 2003px) 100vw, 2003px\" \/><\/figure>\n\n\n\n<h2 class=\"wp-block-heading\">Evelien<\/h2>\n\n\n\n<p>Leerlingbegeleider Kompas<\/p>\n<\/div>\n\n\n\n<div class=\"wp-block-column is-style-default is-layout-flow wp-block-column-is-layout-flow\" style=\"border-style:none;border-width:0px;padding-top:0;padding-right:0;padding-bottom:0;padding-left:0\">\n<figure class=\"wp-block-image size-full is-resized\"><img loading=\"lazy\" decoding=\"async\" width=\"1989\" height=\"2560\" src=\"https:\/\/bernardusvija.bernardusscholen.be\/wp-content\/uploads\/2025\/02\/Hugo-Maes-scaled-1.jpg\" alt=\"\" class=\"wp-image-2128\" style=\"aspect-ratio:3\/4;object-fit:cover;width:321px\" srcset=\"https:\/\/bernardusvija.bernardusscholen.be\/wp-content\/uploads\/2025\/02\/Hugo-Maes-scaled-1.jpg 1989w, https:\/\/bernardusvija.bernardusscholen.be\/wp-content\/uploads\/2025\/02\/Hugo-Maes-scaled-1-233x300.jpg 233w, https:\/\/bernardusvija.bernardusscholen.be\/wp-content\/uploads\/2025\/02\/Hugo-Maes-scaled-1-796x1024.jpg 796w, https:\/\/bernardusvija.bernardusscholen.be\/wp-content\/uploads\/2025\/02\/Hugo-Maes-scaled-1-768x988.jpg 768w, https:\/\/bernardusvija.bernardusscholen.be\/wp-content\/uploads\/2025\/02\/Hugo-Maes-scaled-1-1193x1536.jpg 1193w, https:\/\/bernardusvija.bernardusscholen.be\/wp-content\/uploads\/2025\/02\/Hugo-Maes-scaled-1-1591x2048.jpg 1591w\" sizes=\"auto, (max-width: 1989px) 100vw, 1989px\" \/><\/figure>\n\n\n\n<h2 class=\"wp-block-heading\">Hugo<\/h2>\n\n\n\n<p>Preventieadviseur<\/p>\n<\/div>\n<\/div>\n\n\n\n<div style=\"height:37px\" aria-hidden=\"true\" class=\"wp-block-spacer\"><\/div>\n\n\n\n<div class=\"wp-block-columns is-layout-flex wp-container-core-columns-is-layout-28f84493 wp-block-columns-is-layout-flex\">\n<div class=\"wp-block-column is-style-default is-layout-flow wp-block-column-is-layout-flow\" style=\"border-style:none;border-width:0px;padding-top:0;padding-right:0;padding-bottom:0;padding-left:0\">\n<figure class=\"wp-block-image size-full is-resized\"><img loading=\"lazy\" decoding=\"async\" width=\"760\" height=\"990\" src=\"https:\/\/bernardusvija.bernardusscholen.be\/wp-content\/uploads\/2025\/08\/Heide.jpg\" alt=\"\" class=\"wp-image-2562\" style=\"aspect-ratio:3\/4;object-fit:cover;width:321px\" srcset=\"https:\/\/bernardusvija.bernardusscholen.be\/wp-content\/uploads\/2025\/08\/Heide.jpg 760w, https:\/\/bernardusvija.bernardusscholen.be\/wp-content\/uploads\/2025\/08\/Heide-230x300.jpg 230w\" sizes=\"auto, (max-width: 760px) 100vw, 760px\" \/><\/figure>\n\n\n\n<h2 class=\"wp-block-heading\">Heide<\/h2>\n\n\n\n<p>Trajectbegeleider<\/p>\n<\/div>\n\n\n\n<div class=\"wp-block-column is-style-default is-layout-flow wp-block-column-is-layout-flow\" style=\"border-style:none;border-width:0px;padding-top:0;padding-right:0;padding-bottom:0;padding-left:0\">\n<figure class=\"wp-block-image size-full is-resized\"><img loading=\"lazy\" decoding=\"async\" width=\"1921\" height=\"2560\" src=\"https:\/\/bernardusvija.bernardusscholen.be\/wp-content\/uploads\/2025\/02\/Evy-Van-den-Hecke-scaled-1.jpg\" alt=\"\" class=\"wp-image-2098\" style=\"aspect-ratio:3\/4;object-fit:cover;width:321px\" srcset=\"https:\/\/bernardusvija.bernardusscholen.be\/wp-content\/uploads\/2025\/02\/Evy-Van-den-Hecke-scaled-1.jpg 1921w, https:\/\/bernardusvija.bernardusscholen.be\/wp-content\/uploads\/2025\/02\/Evy-Van-den-Hecke-scaled-1-225x300.jpg 225w, https:\/\/bernardusvija.bernardusscholen.be\/wp-content\/uploads\/2025\/02\/Evy-Van-den-Hecke-scaled-1-768x1023.jpg 768w, https:\/\/bernardusvija.bernardusscholen.be\/wp-content\/uploads\/2025\/02\/Evy-Van-den-Hecke-scaled-1-1153x1536.jpg 1153w, https:\/\/bernardusvija.bernardusscholen.be\/wp-content\/uploads\/2025\/02\/Evy-Van-den-Hecke-scaled-1-1537x2048.jpg 1537w\" sizes=\"auto, (max-width: 1921px) 100vw, 1921px\" \/><\/figure>\n\n\n\n<h2 class=\"wp-block-heading\">Evy<\/h2>\n\n\n\n<p>Trajectbegeleider<\/p>\n<\/div>\n\n\n\n<div class=\"wp-block-column is-style-default is-layout-flow wp-block-column-is-layout-flow\" style=\"border-style:none;border-width:0px;padding-top:0;padding-right:0;padding-bottom:0;padding-left:0\">\n<figure class=\"wp-block-image size-full is-resized\"><img loading=\"lazy\" decoding=\"async\" width=\"2084\" height=\"2560\" src=\"https:\/\/bernardusvija.bernardusscholen.be\/wp-content\/uploads\/2025\/02\/Barbara-Villijn-scaled-1.jpg\" alt=\"\" class=\"wp-image-2089\" style=\"aspect-ratio:3\/4;object-fit:cover;width:321px\" srcset=\"https:\/\/bernardusvija.bernardusscholen.be\/wp-content\/uploads\/2025\/02\/Barbara-Villijn-scaled-1.jpg 2084w, https:\/\/bernardusvija.bernardusscholen.be\/wp-content\/uploads\/2025\/02\/Barbara-Villijn-scaled-1-244x300.jpg 244w, https:\/\/bernardusvija.bernardusscholen.be\/wp-content\/uploads\/2025\/02\/Barbara-Villijn-scaled-1-834x1024.jpg 834w, https:\/\/bernardusvija.bernardusscholen.be\/wp-content\/uploads\/2025\/02\/Barbara-Villijn-scaled-1-768x943.jpg 768w, https:\/\/bernardusvija.bernardusscholen.be\/wp-content\/uploads\/2025\/02\/Barbara-Villijn-scaled-1-1250x1536.jpg 1250w, https:\/\/bernardusvija.bernardusscholen.be\/wp-content\/uploads\/2025\/02\/Barbara-Villijn-scaled-1-1667x2048.jpg 1667w\" sizes=\"auto, (max-width: 2084px) 100vw, 2084px\" \/><\/figure>\n\n\n\n<h2 class=\"wp-block-heading\">Barbara<\/h2>\n\n\n\n<p>Technisch Adviseur<\/p>\n<\/div>\n<\/div>\n<\/div>\n\n\n\n<div style=\"height:49px\" aria-hidden=\"true\" class=\"wp-block-spacer\"><\/div>\n<\/div>\n","protected":false},"excerpt":{"rendered":"<p>Directie Toon Vroman is de co\u00f6rdinator van het centrum,&nbsp;Lies Schiltz is co-co\u00f6rdinator. Zij nemen de dagelijkse leiding van het centrum. Toon Vroman Co\u00f6rdinator Lies Schiltz Co-co\u00f6rdinator Algemene vorming 2de graad Charlotte Jana Niel Algemene vorming 3de graad Annemie Elien Stefanie AV Co\u00f6rdinator Specifieke Vorming Gwendoline SV Zorg Leen SV Horeca Griet SV Winkelmedewerker en OOS [&hellip;]<\/p>\n","protected":false},"author":1,"featured_media":0,"parent":0,"menu_order":0,"comment_status":"closed","ping_status":"closed","template":"blank","meta":{"footnotes":""},"class_list":["post-618","page","type-page","status-publish","hentry"],"_links":{"self":[{"href":"https:\/\/bernardusvija.bernardusscholen.be\/index.php\/wp-json\/wp\/v2\/pages\/618","targetHints":{"allow":["GET"]}}],"collection":[{"href":"https:\/\/bernardusvija.bernardusscholen.be\/index.php\/wp-json\/wp\/v2\/pages"}],"about":[{"href":"https:\/\/bernardusvija.bernardusscholen.be\/index.php\/wp-json\/wp\/v2\/types\/page"}],"author":[{"embeddable":true,"href":"https:\/\/bernardusvija.bernardusscholen.be\/index.php\/wp-json\/wp\/v2\/users\/1"}],"replies":[{"embeddable":true,"href":"https:\/\/bernardusvija.bernardusscholen.be\/index.php\/wp-json\/wp\/v2\/comments?post=618"}],"version-history":[{"count":18,"href":"https:\/\/bernardusvija.bernardusscholen.be\/index.php\/wp-json\/wp\/v2\/pages\/618\/revisions"}],"predecessor-version":[{"id":2640,"href":"https:\/\/bernardusvija.bernardusscholen.be\/index.php\/wp-json\/wp\/v2\/pages\/618\/revisions\/2640"}],"wp:attachment":[{"href":"https:\/\/bernardusvija.bernardusscholen.be\/index.php\/wp-json\/wp\/v2\/media?parent=618"}],"curies":[{"name":"wp","href":"https:\/\/api.w.org\/{rel}","templated":true}]}}